{"id":804,"date":"2020-03-03T18:13:10","date_gmt":"2020-03-03T22:13:10","guid":{"rendered":"http:\/\/gadrosaflorida.gob.ec\/sucumbios\/?page_id=804"},"modified":"2024-05-21T12:23:43","modified_gmt":"2024-05-21T16:23:43","slug":"noticias","status":"publish","type":"page","link":"https:\/\/cumbe.gob.ec\/azuay\/noticias\/","title":{"rendered":"Noticias"},"content":{"rendered":"\t\t<div data-elementor-type=\"wp-page\" data-elementor-id=\"804\" class=\"elementor elementor-804\" data-elementor-settings=\"[]\">\n\t\t\t<div class=\"elementor-inner\">\n\t\t\t\t<div class=\"elementor-section-wrap\">\n\t\t\t\t\t\t\t<section class=\"elementor-element elementor-element-dfe71a7 elementor-section-boxed elementor-section-height-default elementor-section-height-default elementor-section elementor-top-section\" data-id=\"dfe71a7\" data-element_type=\"section\">\n\t\t\t\t\t\t<div class=\"elementor-container elementor-column-gap-default\">\n\t\t\t\t<div class=\"elementor-row\">\n\t\t\t\t<div class=\"elementor-element elementor-element-c075119 elementor-column elementor-col-100 elementor-top-column\" data-id=\"c075119\" data-element_type=\"column\">\n\t\t\t<div class=\"elementor-column-wrap  elementor-element-populated\">\n\t\t\t\t\t<div class=\"elementor-widget-wrap\">\n\t\t\t\t<div class=\"elementor-element elementor-element-fc5e93c elementor-grid-3 elementor-grid-tablet-2 elementor-grid-mobile-1 elementor-posts--thumbnail-top elementor-card-shadow-yes elementor-posts__hover-gradient elementor-widget elementor-widget-posts\" data-id=\"fc5e93c\" data-element_type=\"widget\" data-settings=\"{&quot;cards_columns&quot;:&quot;3&quot;,&quot;cards_columns_tablet&quot;:&quot;2&quot;,&quot;cards_columns_mobile&quot;:&quot;1&quot;,&quot;cards_row_gap&quot;:{&quot;unit&quot;:&quot;px&quot;,&quot;size&quot;:35,&quot;sizes&quot;:[]}}\" data-widget_type=\"posts.cards\">\n\t\t\t\t<div class=\"elementor-widget-container\">\n\t\t\t\t\t<div class=\"elementor-posts-container elementor-posts elementor-posts--skin-cards elementor-grid\">\n\t\t\t\t<article class=\"elementor-post elementor-grid-item post-3441 post type-post status-publish format-standard has-post-thumbnail hentry category-sin-categoria\">\n\t\t\t<div class=\"elementor-post__card\">\n\t\t\t\t<a class=\"elementor-post__thumbnail__link\" href=\"https:\/\/cumbe.gob.ec\/azuay\/reunion-cementerio-parroquial-de-cumbe\/\">\n\t\t\t<div class=\"elementor-post__thumbnail\"><img loading=\"lazy\" decoding=\"async\" width=\"550\" height=\"249\" src=\"https:\/\/cumbe.gob.ec\/azuay\/wp-content\/uploads\/2025\/09\/REUNION-CEMENTERIO-02-550x249.png\" class=\"attachment-medium size-medium\" alt=\"\" srcset=\"https:\/\/cumbe.gob.ec\/azuay\/wp-content\/uploads\/2025\/09\/REUNION-CEMENTERIO-02-550x249.png 550w, https:\/\/cumbe.gob.ec\/azuay\/wp-content\/uploads\/2025\/09\/REUNION-CEMENTERIO-02-1024x464.png 1024w, https:\/\/cumbe.gob.ec\/azuay\/wp-content\/uploads\/2025\/09\/REUNION-CEMENTERIO-02-768x348.png 768w, https:\/\/cumbe.gob.ec\/azuay\/wp-content\/uploads\/2025\/09\/REUNION-CEMENTERIO-02-1536x695.png 1536w, https:\/\/cumbe.gob.ec\/azuay\/wp-content\/uploads\/2025\/09\/REUNION-CEMENTERIO-02-2048x927.png 2048w\" sizes=\"auto, (max-width: 550px) 100vw, 550px\" \/><\/div>\n\t\t<\/a>\n\t\t\t\t<div class=\"elementor-post__text\">\n\t\t\t\t<h3 class=\"elementor-post__title\">\n\t\t\t<a href=\"https:\/\/cumbe.gob.ec\/azuay\/reunion-cementerio-parroquial-de-cumbe\/\">\n\t\t\t\tReuni\u00f3n Cementerio Parroquial de Cumbe\t\t\t<\/a>\n\t\t<\/h3>\n\t\t\t\t<div class=\"elementor-post__excerpt\">\n\t\t\t<p>EL Gobierno Aut\u00f3nomo Descentralizado Parroquial de Cumbe; Realiza el siguiente: COMUNICADO Pr\u00f3ximamente se realizar\u00e1n trabajos en el \u00abCEMENTERIO PARROQUIAL\u00bb en la parte frontal del cerramiento,<\/p>\n\t\t<\/div>\n\t\t\t\t\t<a class=\"elementor-post__read-more\" href=\"https:\/\/cumbe.gob.ec\/azuay\/reunion-cementerio-parroquial-de-cumbe\/\">\n\t\t\t\tLEER MAS \u00bb\t\t\t<\/a>\n\t\t\t\t<\/div>\n\t\t\t\t<div class=\"elementor-post__meta-data\">\n\t\t\t\t\t<span class=\"elementor-post-date\">\n\t\t\t1 septiembre, 2025\t\t<\/span>\n\t\t\t\t<\/div>\n\t\t\t\t\t<\/div>\n\t\t<\/article>\n\t\t\t\t<article class=\"elementor-post elementor-grid-item post-3317 post type-post status-publish format-standard has-post-thumbnail hentry category-sin-categoria\">\n\t\t\t<div class=\"elementor-post__card\">\n\t\t\t\t<a class=\"elementor-post__thumbnail__link\" href=\"https:\/\/cumbe.gob.ec\/azuay\/rendicion-de-cuentas-2024\/\">\n\t\t\t<div class=\"elementor-post__thumbnail\"><img loading=\"lazy\" decoding=\"async\" width=\"550\" height=\"249\" src=\"https:\/\/cumbe.gob.ec\/azuay\/wp-content\/uploads\/2025\/07\/PORTADA-WEB-1-02-550x249.jpg\" class=\"attachment-medium size-medium\" alt=\"\" srcset=\"https:\/\/cumbe.gob.ec\/azuay\/wp-content\/uploads\/2025\/07\/PORTADA-WEB-1-02-550x249.jpg 550w, https:\/\/cumbe.gob.ec\/azuay\/wp-content\/uploads\/2025\/07\/PORTADA-WEB-1-02-1024x463.jpg 1024w, https:\/\/cumbe.gob.ec\/azuay\/wp-content\/uploads\/2025\/07\/PORTADA-WEB-1-02-768x348.jpg 768w, https:\/\/cumbe.gob.ec\/azuay\/wp-content\/uploads\/2025\/07\/PORTADA-WEB-1-02-1536x695.jpg 1536w, https:\/\/cumbe.gob.ec\/azuay\/wp-content\/uploads\/2025\/07\/PORTADA-WEB-1-02-2048x927.jpg 2048w\" sizes=\"auto, (max-width: 550px) 100vw, 550px\" \/><\/div>\n\t\t<\/a>\n\t\t\t\t<div class=\"elementor-post__text\">\n\t\t\t\t<h3 class=\"elementor-post__title\">\n\t\t\t<a href=\"https:\/\/cumbe.gob.ec\/azuay\/rendicion-de-cuentas-2024\/\">\n\t\t\t\tRendici\u00f3n de Cuentas 2024\t\t\t<\/a>\n\t\t<\/h3>\n\t\t\t\t<div class=\"elementor-post__excerpt\">\n\t\t\t<p>RENDICI\u00d3N DE CUENTAS 2024 La rendici\u00f3n de cuentas fortalece la democracia, transparencia y gobernabilidad en un pueblo, por ello, el d\u00eda de ayer expusimos los<\/p>\n\t\t<\/div>\n\t\t\t\t\t<a class=\"elementor-post__read-more\" href=\"https:\/\/cumbe.gob.ec\/azuay\/rendicion-de-cuentas-2024\/\">\n\t\t\t\tLEER MAS \u00bb\t\t\t<\/a>\n\t\t\t\t<\/div>\n\t\t\t\t<div class=\"elementor-post__meta-data\">\n\t\t\t\t\t<span class=\"elementor-post-date\">\n\t\t\t25 julio, 2025\t\t<\/span>\n\t\t\t\t<\/div>\n\t\t\t\t\t<\/div>\n\t\t<\/article>\n\t\t\t\t<article class=\"elementor-post elementor-grid-item post-3141 post type-post status-publish format-standard has-post-thumbnail hentry category-sin-categoria\">\n\t\t\t<div class=\"elementor-post__card\">\n\t\t\t\t<a class=\"elementor-post__thumbnail__link\" href=\"https:\/\/cumbe.gob.ec\/azuay\/cumbe-paraiso-encantado-2\/\">\n\t\t\t<div class=\"elementor-post__thumbnail\"><img loading=\"lazy\" decoding=\"async\" width=\"550\" height=\"249\" src=\"https:\/\/cumbe.gob.ec\/azuay\/wp-content\/uploads\/2025\/07\/PORTADA-WEB-cumbe-paraiso-01-550x249.jpg\" class=\"attachment-medium size-medium\" alt=\"\" srcset=\"https:\/\/cumbe.gob.ec\/azuay\/wp-content\/uploads\/2025\/07\/PORTADA-WEB-cumbe-paraiso-01-550x249.jpg 550w, https:\/\/cumbe.gob.ec\/azuay\/wp-content\/uploads\/2025\/07\/PORTADA-WEB-cumbe-paraiso-01-1024x463.jpg 1024w, https:\/\/cumbe.gob.ec\/azuay\/wp-content\/uploads\/2025\/07\/PORTADA-WEB-cumbe-paraiso-01-768x348.jpg 768w, https:\/\/cumbe.gob.ec\/azuay\/wp-content\/uploads\/2025\/07\/PORTADA-WEB-cumbe-paraiso-01-1536x695.jpg 1536w, https:\/\/cumbe.gob.ec\/azuay\/wp-content\/uploads\/2025\/07\/PORTADA-WEB-cumbe-paraiso-01-2048x927.jpg 2048w\" sizes=\"auto, (max-width: 550px) 100vw, 550px\" \/><\/div>\n\t\t<\/a>\n\t\t\t\t<div class=\"elementor-post__text\">\n\t\t\t\t<h3 class=\"elementor-post__title\">\n\t\t\t<a href=\"https:\/\/cumbe.gob.ec\/azuay\/cumbe-paraiso-encantado-2\/\">\n\t\t\t\tCumbe Paraiso Encantado\t\t\t<\/a>\n\t\t<\/h3>\n\t\t\t\t<div class=\"elementor-post__excerpt\">\n\t\t\t<p>Cumbe Paraiso Encantado El lema \u00abCUMBE PARAISO ENCANTADO\u00bb refleja la esencia de nuestra parroquia, un lugar lleno de belleza natural y armon\u00eda, donde la riqueza<\/p>\n\t\t<\/div>\n\t\t\t\t\t<a class=\"elementor-post__read-more\" href=\"https:\/\/cumbe.gob.ec\/azuay\/cumbe-paraiso-encantado-2\/\">\n\t\t\t\tLEER MAS \u00bb\t\t\t<\/a>\n\t\t\t\t<\/div>\n\t\t\t\t<div class=\"elementor-post__meta-data\">\n\t\t\t\t\t<span class=\"elementor-post-date\">\n\t\t\t24 julio, 2025\t\t<\/span>\n\t\t\t\t<\/div>\n\t\t\t\t\t<\/div>\n\t\t<\/article>\n\t\t\t\t<article class=\"elementor-post elementor-grid-item post-2938 post type-post status-publish format-standard has-post-thumbnail hentry category-sin-categoria\">\n\t\t\t<div class=\"elementor-post__card\">\n\t\t\t\t<a class=\"elementor-post__thumbnail__link\" href=\"https:\/\/cumbe.gob.ec\/azuay\/2938-2\/\">\n\t\t\t<div class=\"elementor-post__thumbnail\"><img loading=\"lazy\" decoding=\"async\" width=\"550\" height=\"249\" src=\"https:\/\/cumbe.gob.ec\/azuay\/wp-content\/uploads\/2024\/05\/PORTADA-WEB-rendicion-04-550x249.jpg\" class=\"attachment-medium size-medium\" alt=\"\" srcset=\"https:\/\/cumbe.gob.ec\/azuay\/wp-content\/uploads\/2024\/05\/PORTADA-WEB-rendicion-04-550x249.jpg 550w, https:\/\/cumbe.gob.ec\/azuay\/wp-content\/uploads\/2024\/05\/PORTADA-WEB-rendicion-04-1024x463.jpg 1024w, https:\/\/cumbe.gob.ec\/azuay\/wp-content\/uploads\/2024\/05\/PORTADA-WEB-rendicion-04-768x348.jpg 768w, https:\/\/cumbe.gob.ec\/azuay\/wp-content\/uploads\/2024\/05\/PORTADA-WEB-rendicion-04-1536x695.jpg 1536w, https:\/\/cumbe.gob.ec\/azuay\/wp-content\/uploads\/2024\/05\/PORTADA-WEB-rendicion-04-2048x927.jpg 2048w\" sizes=\"auto, (max-width: 550px) 100vw, 550px\" \/><\/div>\n\t\t<\/a>\n\t\t\t\t<div class=\"elementor-post__text\">\n\t\t\t\t<h3 class=\"elementor-post__title\">\n\t\t\t<a href=\"https:\/\/cumbe.gob.ec\/azuay\/2938-2\/\">\n\t\t\t\tInvitaci\u00f3n Rendici\u00f3n de Cuentas\t\t\t<\/a>\n\t\t<\/h3>\n\t\t\t\t<div class=\"elementor-post__excerpt\">\n\t\t\t<p>&nbsp; El Gobierno Aut\u00f3nomo Descentralizado Parroquial de Cumbe INVITA a todos los ciudadanos de nuestra parroquia a la RENDICI\u00d3N DE CUENTAS del A\u00f1o Fiscal 2023.<\/p>\n\t\t<\/div>\n\t\t\t\t\t<a class=\"elementor-post__read-more\" href=\"https:\/\/cumbe.gob.ec\/azuay\/2938-2\/\">\n\t\t\t\tLEER MAS \u00bb\t\t\t<\/a>\n\t\t\t\t<\/div>\n\t\t\t\t<div class=\"elementor-post__meta-data\">\n\t\t\t\t\t<span class=\"elementor-post-date\">\n\t\t\t21 mayo, 2024\t\t<\/span>\n\t\t\t\t<\/div>\n\t\t\t\t\t<\/div>\n\t\t<\/article>\n\t\t\t\t<article class=\"elementor-post elementor-grid-item post-2919 post type-post status-publish format-standard has-post-thumbnail hentry category-sin-categoria\">\n\t\t\t<div class=\"elementor-post__card\">\n\t\t\t\t<a class=\"elementor-post__thumbnail__link\" href=\"https:\/\/cumbe.gob.ec\/azuay\/segunda-edicion-copa-de-las-dignidades\/\">\n\t\t\t<div class=\"elementor-post__thumbnail\"><img loading=\"lazy\" decoding=\"async\" width=\"550\" height=\"249\" src=\"https:\/\/cumbe.gob.ec\/azuay\/wp-content\/uploads\/2024\/03\/PORTADA-COPA-WEB-01-550x249.png\" class=\"attachment-medium size-medium\" alt=\"\" srcset=\"https:\/\/cumbe.gob.ec\/azuay\/wp-content\/uploads\/2024\/03\/PORTADA-COPA-WEB-01-550x249.png 550w, https:\/\/cumbe.gob.ec\/azuay\/wp-content\/uploads\/2024\/03\/PORTADA-COPA-WEB-01-1024x463.png 1024w, https:\/\/cumbe.gob.ec\/azuay\/wp-content\/uploads\/2024\/03\/PORTADA-COPA-WEB-01-768x347.png 768w, https:\/\/cumbe.gob.ec\/azuay\/wp-content\/uploads\/2024\/03\/PORTADA-COPA-WEB-01-1536x695.png 1536w, https:\/\/cumbe.gob.ec\/azuay\/wp-content\/uploads\/2024\/03\/PORTADA-COPA-WEB-01-2048x927.png 2048w\" sizes=\"auto, (max-width: 550px) 100vw, 550px\" \/><\/div>\n\t\t<\/a>\n\t\t\t\t<div class=\"elementor-post__text\">\n\t\t\t\t<h3 class=\"elementor-post__title\">\n\t\t\t<a href=\"https:\/\/cumbe.gob.ec\/azuay\/segunda-edicion-copa-de-las-dignidades\/\">\n\t\t\t\tSEGUNDA EDICI\u00d3N COPA DE LAS DIGNIDADES\t\t\t<\/a>\n\t\t<\/h3>\n\t\t\t\t<div class=\"elementor-post__excerpt\">\n\t\t\t\t\t<\/div>\n\t\t\t\t\t<a class=\"elementor-post__read-more\" href=\"https:\/\/cumbe.gob.ec\/azuay\/segunda-edicion-copa-de-las-dignidades\/\">\n\t\t\t\tLEER MAS \u00bb\t\t\t<\/a>\n\t\t\t\t<\/div>\n\t\t\t\t<div class=\"elementor-post__meta-data\">\n\t\t\t\t\t<span class=\"elementor-post-date\">\n\t\t\t25 marzo, 2024\t\t<\/span>\n\t\t\t\t<\/div>\n\t\t\t\t\t<\/div>\n\t\t<\/article>\n\t\t\t\t<article class=\"elementor-post elementor-grid-item post-2912 post type-post status-publish format-standard has-post-thumbnail hentry category-sin-categoria\">\n\t\t\t<div class=\"elementor-post__card\">\n\t\t\t\t<a class=\"elementor-post__thumbnail__link\" href=\"https:\/\/cumbe.gob.ec\/azuay\/cumbe-paraiso-encantado\/\">\n\t\t\t<div class=\"elementor-post__thumbnail\"><img loading=\"lazy\" decoding=\"async\" width=\"550\" height=\"249\" src=\"https:\/\/cumbe.gob.ec\/azuay\/wp-content\/uploads\/2024\/03\/PORTADA-WEB-1-02-550x249.png\" class=\"attachment-medium size-medium\" alt=\"\" srcset=\"https:\/\/cumbe.gob.ec\/azuay\/wp-content\/uploads\/2024\/03\/PORTADA-WEB-1-02-550x249.png 550w, https:\/\/cumbe.gob.ec\/azuay\/wp-content\/uploads\/2024\/03\/PORTADA-WEB-1-02-1024x463.png 1024w, https:\/\/cumbe.gob.ec\/azuay\/wp-content\/uploads\/2024\/03\/PORTADA-WEB-1-02-768x347.png 768w, https:\/\/cumbe.gob.ec\/azuay\/wp-content\/uploads\/2024\/03\/PORTADA-WEB-1-02-1536x695.png 1536w, https:\/\/cumbe.gob.ec\/azuay\/wp-content\/uploads\/2024\/03\/PORTADA-WEB-1-02-2048x927.png 2048w\" sizes=\"auto, (max-width: 550px) 100vw, 550px\" \/><\/div>\n\t\t<\/a>\n\t\t\t\t<div class=\"elementor-post__text\">\n\t\t\t\t<h3 class=\"elementor-post__title\">\n\t\t\t<a href=\"https:\/\/cumbe.gob.ec\/azuay\/cumbe-paraiso-encantado\/\">\n\t\t\t\tCUMBE PARAISO ENCANTADO\t\t\t<\/a>\n\t\t<\/h3>\n\t\t\t\t<div class=\"elementor-post__excerpt\">\n\t\t\t<p>&nbsp; &nbsp;<\/p>\n\t\t<\/div>\n\t\t\t\t\t<a class=\"elementor-post__read-more\" href=\"https:\/\/cumbe.gob.ec\/azuay\/cumbe-paraiso-encantado\/\">\n\t\t\t\tLEER MAS \u00bb\t\t\t<\/a>\n\t\t\t\t<\/div>\n\t\t\t\t<div class=\"elementor-post__meta-data\">\n\t\t\t\t\t<span class=\"elementor-post-date\">\n\t\t\t22 marzo, 2024\t\t<\/span>\n\t\t\t\t<\/div>\n\t\t\t\t\t<\/div>\n\t\t<\/article>\n\t\t\t\t<\/div>\n\t\t\t\t<\/div>\n\t\t\t\t<\/div>\n\t\t\t\t\t\t<\/div>\n\t\t\t<\/div>\n\t\t<\/div>\n\t\t\t\t\t\t<\/div>\n\t\t\t<\/div>\n\t\t<\/section>\n\t\t\t\t\t\t<\/div>\n\t\t\t<\/div>\n\t\t<\/div>\n\t\t","protected":false},"excerpt":{"rendered":"&nbsp; &nbsp;","protected":false},"author":4,"featured_media":2939,"parent":0,"menu_order":0,"comment_status":"closed","ping_status":"closed","template":"","meta":{"footnotes":""},"class_list":["post-804","page","type-page","status-publish","has-post-thumbnail","hentry"],"_links":{"self":[{"href":"https:\/\/cumbe.gob.ec\/azuay\/wp-json\/wp\/v2\/pages\/804","targetHints":{"allow":["GET"]}}],"collection":[{"href":"https:\/\/cumbe.gob.ec\/azuay\/wp-json\/wp\/v2\/pages"}],"about":[{"href":"https:\/\/cumbe.gob.ec\/azuay\/wp-json\/wp\/v2\/types\/page"}],"author":[{"embeddable":true,"href":"https:\/\/cumbe.gob.ec\/azuay\/wp-json\/wp\/v2\/users\/4"}],"replies":[{"embeddable":true,"href":"https:\/\/cumbe.gob.ec\/azuay\/wp-json\/wp\/v2\/comments?post=804"}],"version-history":[{"count":0,"href":"https:\/\/cumbe.gob.ec\/azuay\/wp-json\/wp\/v2\/pages\/804\/revisions"}],"wp:featuredmedia":[{"embeddable":true,"href":"https:\/\/cumbe.gob.ec\/azuay\/wp-json\/wp\/v2\/media\/2939"}],"wp:attachment":[{"href":"https:\/\/cumbe.gob.ec\/azuay\/wp-json\/wp\/v2\/media?parent=804"}],"curies":[{"name":"wp","href":"https:\/\/api.w.org\/{rel}","templated":true}]}}